{"id":1221,"date":"2024-07-16T10:43:21","date_gmt":"2024-07-16T10:43:21","guid":{"rendered":"https:\/\/recruitithub.com\/our-team\/rabia-altunay\/"},"modified":"2024-07-31T12:03:46","modified_gmt":"2024-07-31T12:03:46","slug":"rabia-altunay","status":"publish","type":"our-team","link":"https:\/\/recruitithub.com\/tr\/our-team\/rabia-altunay\/","title":{"rendered":"Rabia Altunay"},"content":{"rendered":"<p><span style=\"font-weight: 400;\">Rabia Altunay, IT i\u015fe al\u0131m alan\u0131nda dinamik bir giri\u015fimci ve vizyoner bir liderdir. \u0130nsan kaynaklar\u0131 konusundaki g\u00fc\u00e7l\u00fc altyap\u0131s\u0131 ve en yetenekli profesyonelleri \u00f6nde gelen teknoloji \u015firketleri ile bulu\u015fturma konusundaki tutkusuyla IT sekt\u00f6r\u00fcnde \u00f6nemli bir fig\u00fcr olarak konumland\u0131rm\u0131\u015ft\u0131r.<\/span><\/p>\n<p><span style=\"font-weight: 400;\">E\u011fitim hayat\u0131n\u0131 Ege \u00dcniversitesi&#8217;nde Psikolojik Dan\u0131\u015fmanl\u0131k ve Rehberlik alan\u0131nda tamamlayan Altunay, \u0130nsan Kaynaklar\u0131 alan\u0131na olan ilgisi do\u011frultusunda Ankara \u00dcniversitesi&#8217;nde \u0130nsan Kaynaklar\u0131 Y\u00f6netimi ve Kariyer Dan\u0131\u015fmanl\u0131\u011f\u0131 y\u00fcksek lisans\u0131n\u0131 yapm\u0131\u015ft\u0131r.<\/span><\/p>\n<p><span style=\"font-weight: 400;\">2008 ile 2011 y\u0131llar\u0131 aras\u0131nda E\u011fitim Dan\u0131\u015fman\u0131 ve Global \u0130li\u015fkiler Koordinat\u00f6r\u00fc olarak g\u00f6rev yapt\u0131ktan sonra, Rabia Altunay IT i\u015fe al\u0131m\u0131na ge\u00e7i\u015f yapm\u0131\u015ft\u0131r. Bu d\u00f6nemde Logo Yaz\u0131l\u0131m, Ya\u015far Holding, Vestel, Avandel Salesforce ve Asseco SEE gibi b\u00fcy\u00fck \u00e7ok uluslu \u015firketlerde HR &amp; IT \u0130\u015fe Al\u0131m Dan\u0131\u015fman\u0131 olarak g\u00f6rev alm\u0131\u015f hem insan kaynaklar\u0131 hem de IT sekt\u00f6r\u00fc konusundaki uzmanl\u0131\u011f\u0131n\u0131 kullanarak, \u00fcst d\u00fczey IT yeteneklerini bulma, sorunsuz i\u015fe al\u0131m s\u00fcre\u00e7leri sa\u011flama ve bu k\u00f6kl\u00fc kurulu\u015flar\u0131n ba\u015far\u0131s\u0131na katk\u0131da bulunma konusunda \u00f6nemli bir rol oynam\u0131\u015ft\u0131r.<\/span><\/p>\n<p><span style=\"font-weight: 400;\">2017 y\u0131l\u0131nda LinkedIn taraf\u0131ndan d\u00fczenlenen k\u00fcresel yeterlilik s\u0131nav\u0131n\u0131 ba\u015far\u0131yla tamamlayarak \u201cLinkedIn Sertifikal\u0131 Profesyonel\u201d unvan\u0131n\u0131 kazanm\u0131\u015ft\u0131r. Bu ba\u015far\u0131s\u0131ndan ilham alarak ve IT i\u015fe al\u0131m\u0131na olan tutkusuyla, ayn\u0131 y\u0131l Recruit IT&#8217;i kurmu\u015ftur. Bu giri\u015fim, kariyerinde \u00f6nemli bir kilometre ta\u015f\u0131 olmu\u015f ve uzmanl\u0131\u011f\u0131n\u0131 daha da kullanarak IT sekt\u00f6r\u00fcndeki i\u015f ortaklar\u0131na \u00f6zel i\u015fe al\u0131m \u00e7\u00f6z\u00fcmleri sunma imk\u00e2n\u0131 tan\u0131m\u0131\u015ft\u0131r.<\/span><\/p>\n<p><span style=\"font-weight: 400;\">Rabia&#8217;n\u0131n liderli\u011finde, Recruit IT k\u0131sa s\u00fcrede ki\u015fiselle\u015ftirilmi\u015f i\u015fe al\u0131m yakla\u015f\u0131m\u0131 ve IT sekt\u00f6r\u00fcndeki derin anlay\u0131\u015f\u0131 ile tan\u0131nm\u0131\u015f, adaylar\u0131 yetenekleri, deneyimleri ve kariyer hedefleriyle uyumlu pozisyonlarla e\u015fle\u015ftirmi\u015ftir. M\u00fckemmeliyete olan ba\u011fl\u0131l\u0131\u011f\u0131 ve anlaml\u0131 ba\u011flant\u0131lar kurma tutkusu sayesinde, Recruit IT ba\u015far\u0131ya ula\u015fm\u0131\u015f ve ajans\u0131 ola\u011fan\u00fcst\u00fc sonu\u00e7lar sunma ve beklentileri a\u015fma konusunda tan\u0131nm\u0131\u015f bir isim yapm\u0131\u015ft\u0131r. \u015eirketlerin IT yeteneklerini i\u015fe al\u0131m \u015fekillerini d\u00f6n\u00fc\u015ft\u00fcrme vizyonuyla hareket eden Rabia, Recruit IT&#8217;i d\u00fcr\u00fcstl\u00fck, yenilik ve adaylar ile i\u015f ortaklar\u0131n\u0131n hedeflerine ula\u015fmalar\u0131na yard\u0131m etme konusundaki kesintisiz adanm\u0131\u015fl\u0131kla y\u00f6netmeye devam etmektedir.<\/span><\/p>\n<p><b>Uzmanl\u0131k Alanlar\u0131<\/b><\/p>\n<ul>\n<li style=\"font-weight: 400;\" aria-level=\"1\"><span style=\"font-weight: 400;\">IT \u0130\u015fe Al\u0131m<\/span><\/li>\n<li style=\"font-weight: 400;\" aria-level=\"1\"><span style=\"font-weight: 400;\">\u0130K Stratejisi<\/span><\/li>\n<li style=\"font-weight: 400;\" aria-level=\"1\"><span style=\"font-weight: 400;\">\u0130nsan Kaynaklar\u0131 Dan\u0131\u015fmanl\u0131\u011f\u0131<\/span><\/li>\n<li style=\"font-weight: 400;\" aria-level=\"1\"><span style=\"font-weight: 400;\">\u0130K Proje Y\u00f6netimi<\/span><\/li>\n<li style=\"font-weight: 400;\" aria-level=\"1\"><span style=\"font-weight: 400;\">Global Yetenek Kazan\u0131m\u0131<\/span><\/li>\n<li style=\"font-weight: 400;\" aria-level=\"1\"><span style=\"font-weight: 400;\">LinkedIn ile \u0130\u015fveren Markas\u0131 Olu\u015fturma<\/span><\/li>\n<\/ul>\n","protected":false},"featured_media":966,"template":"","meta":{"_acf_changed":false},"class_list":["post-1221","our-team","type-our-team","status-publish","has-post-thumbnail","hentry"],"acf":[],"_links":{"self":[{"href":"https:\/\/recruitithub.com\/tr\/wp-json\/wp\/v2\/our-team\/1221","targetHints":{"allow":["GET"]}}],"collection":[{"href":"https:\/\/recruitithub.com\/tr\/wp-json\/wp\/v2\/our-team"}],"about":[{"href":"https:\/\/recruitithub.com\/tr\/wp-json\/wp\/v2\/types\/our-team"}],"wp:featuredmedia":[{"embeddable":true,"href":"https:\/\/recruitithub.com\/tr\/wp-json\/wp\/v2\/media\/966"}],"wp:attachment":[{"href":"https:\/\/recruitithub.com\/tr\/wp-json\/wp\/v2\/media?parent=1221"}],"curies":[{"name":"wp","href":"https:\/\/api.w.org\/{rel}","templated":true}]}}