{"id":1219,"date":"2024-07-16T10:44:05","date_gmt":"2024-07-16T10:44:05","guid":{"rendered":"https:\/\/recruitithub.com\/our-team\/asli-ertem\/"},"modified":"2024-07-31T12:02:54","modified_gmt":"2024-07-31T12:02:54","slug":"asli-ertem","status":"publish","type":"our-team","link":"https:\/\/recruitithub.com\/tr\/our-team\/asli-ertem\/","title":{"rendered":"Asl\u0131 Ertem"},"content":{"rendered":"<p><span style=\"font-weight: 400;\">T\u00fcrkiye&#8217;nin \u00f6nde gelen \u00fcniversitelerinden biri olan ODT\u00dc\u2019de Sosyoloji e\u011fitimi alan ve ABD&#8217;deki Troy \u00dcniversitesi&#8217;nde MBA e\u011fitimi alan Asl\u0131 Ertem, kariyerini \u0130nsan Kaynaklar\u0131 alan\u0131nda ilerletmek i\u00e7in bilin\u00e7li bir karar vererek 2012 y\u0131l\u0131nda T\u00fcrkiye&#8217;ye d\u00f6nm\u00fc\u015ft\u00fcr. Ertem, Intel&#8217;de \u0130nsan Kaynaklar\u0131 Uzman\u0131 olarak teknoloji sekt\u00f6r\u00fcndeki profesyonel yolculu\u011funa ba\u015flam\u0131\u015f ve Intel&#8217;in saha sat\u0131\u015f ekibinin t\u00fcm insan kaynaklar\u0131 s\u00fcre\u00e7lerinin y\u00f6netilmesini \u00fcstlenmi\u015ftir. 2014 y\u0131l\u0131nda Bilge Adam \u0130K ekibiyle 3,5 y\u0131l\u0131 a\u015fan yolculu\u011funa ba\u015flam\u0131\u015ft\u0131r. Ertem\u2019in katk\u0131lar\u0131 ile Yetenek Y\u00f6netimi birimi kurulmu\u015f ve Birim M\u00fcd\u00fcr Yard\u0131mc\u0131s\u0131 olarak hak etti\u011fi bir terfii kazanm\u0131\u015ft\u0131r.<\/span><\/p>\n<p><span style=\"font-weight: 400;\">Bir \u0130K dan\u0131\u015fmanl\u0131k firmas\u0131nda i\u015fe al\u0131m dan\u0131\u015fman\u0131 olarak bir bu\u00e7uk y\u0131l \u00f6zel hizmet verdikten sonra, i\u015fe al\u0131m s\u00fcre\u00e7lerini ba\u015ftan sona ustaca y\u00f6netmi\u015f ve K\u0131demli \u0130K ve IT \u0130\u015fe Al\u0131m Dan\u0131\u015fman\u0131 olarak Recruit IT&#8217;ye ge\u00e7i\u015f yapm\u0131\u015ft\u0131r. \u00c7e\u015fitli beceri ve deneyimlerini ustal\u0131kla bir araya getirerek insan kaynaklar\u0131 ve bilgi teknolojisi i\u015fe al\u0131m\u0131n\u0131n karma\u015f\u0131k d\u00fcnyas\u0131nda ba\u015far\u0131yla yol almaktad\u0131r. Stratejik yakla\u015f\u0131m\u0131 yaln\u0131zca \u00fcst d\u00fczey yeteneklerin belirlenmesini de\u011fil ayn\u0131 zamanda profesyoneller ve kurulu\u015flar aras\u0131nda kal\u0131c\u0131 ba\u011flant\u0131lar\u0131n geli\u015ftirilmesini de i\u00e7ermektedir. \u0130K dan\u0131\u015fmanl\u0131\u011f\u0131 ve \u0130K sistemlerinin uygulanmas\u0131 konusunda \u00f6nemli bir uzmanl\u0131\u011fa sahiptir. Bu alanlardaki geni\u015f deneyimi, Ertem\u2019i insan kaynaklar\u0131n\u0131n karma\u015f\u0131k y\u00f6nlerini derinlemesine anlamas\u0131n\u0131 sa\u011flayarak, zorlu sorunlarla ustal\u0131kla ba\u015fa \u00e7\u0131kabilme yetene\u011fiyle donatm\u0131\u015ft\u0131r.<\/span><\/p>\n<p><span style=\"font-weight: 400;\">Ayn\u0131 zamanda ICF sertifikal\u0131 Profesyonel Ko\u00e7 olan Ertem, ortaya koydu\u011fu i\u015flere yeni bir boyut kazand\u0131rm\u0131\u015ft\u0131r. Geleneksel i\u015fe al\u0131m uygulamalar\u0131n\u0131n \u00f6tesine ge\u00e7mek i\u00e7in uzmanl\u0131\u011f\u0131ndan yararlanarak hem adaylara hem de m\u00fc\u015fteri \u015firketlere de\u011ferli mentorluk ve rehberlik sunmaktad\u0131r.<\/span><\/p>\n<p><b>Uzmanl\u0131k Alanlar\u0131<\/b><\/p>\n<ul>\n<li style=\"font-weight: 400;\" aria-level=\"1\"><span style=\"font-weight: 400;\">IT \u0130\u015fe Al\u0131m<\/span><\/li>\n<li style=\"font-weight: 400;\" aria-level=\"1\"><span style=\"font-weight: 400;\">\u0130K Stratejisi<\/span><\/li>\n<li style=\"font-weight: 400;\" aria-level=\"1\"><span style=\"font-weight: 400;\">\u0130nsan Kaynaklar\u0131 Dan\u0131\u015fmanl\u0131\u011f\u0131<\/span><\/li>\n<li style=\"font-weight: 400;\" aria-level=\"1\"><span style=\"font-weight: 400;\">Yetenek edinme<\/span><\/li>\n<li style=\"font-weight: 400;\" aria-level=\"1\"><span style=\"font-weight: 400;\">LinkedIn ile \u0130\u015fveren Markas\u0131 Olu\u015fturma<\/span><\/li>\n<li style=\"font-weight: 400;\" aria-level=\"1\"><span style=\"font-weight: 400;\">\u0130K Proje Y\u00f6netimi<\/span><\/li>\n<li style=\"font-weight: 400;\" aria-level=\"1\"><span style=\"font-weight: 400;\">Profesyonel Ko\u00e7luk<\/span><\/li>\n<\/ul>\n","protected":false},"featured_media":967,"template":"","meta":{"_acf_changed":false},"class_list":["post-1219","our-team","type-our-team","status-publish","has-post-thumbnail","hentry"],"acf":[],"_links":{"self":[{"href":"https:\/\/recruitithub.com\/tr\/wp-json\/wp\/v2\/our-team\/1219","targetHints":{"allow":["GET"]}}],"collection":[{"href":"https:\/\/recruitithub.com\/tr\/wp-json\/wp\/v2\/our-team"}],"about":[{"href":"https:\/\/recruitithub.com\/tr\/wp-json\/wp\/v2\/types\/our-team"}],"wp:featuredmedia":[{"embeddable":true,"href":"https:\/\/recruitithub.com\/tr\/wp-json\/wp\/v2\/media\/967"}],"wp:attachment":[{"href":"https:\/\/recruitithub.com\/tr\/wp-json\/wp\/v2\/media?parent=1219"}],"curies":[{"name":"wp","href":"https:\/\/api.w.org\/{rel}","templated":true}]}}