{"id":1218,"date":"2024-07-16T10:44:29","date_gmt":"2024-07-16T10:44:29","guid":{"rendered":"https:\/\/recruitithub.com\/our-team\/elif-nur-pehlevan\/"},"modified":"2024-07-31T12:03:18","modified_gmt":"2024-07-31T12:03:18","slug":"elif-nur-pehlevan","status":"publish","type":"our-team","link":"https:\/\/recruitithub.com\/tr\/our-team\/elif-nur-pehlevan\/","title":{"rendered":"Elif Nur Pehlevan"},"content":{"rendered":"<p><span style=\"font-weight: 400;\">Bo\u011fazi\u00e7i \u00dcniversitesi&#8217;nden felsefe alan\u0131nda lisans derecesine ve \u0130stanbul \u00dcniversitesi&#8217;nden Grafik Tasar\u0131m ge\u00e7mi\u015fine sahip olan Elif Nur Pehlevan, IT i\u015fe al\u0131m, insan kaynaklar\u0131 ve grafik tasar\u0131m alanlar\u0131nda farkl\u0131 bir ge\u00e7mi\u015fe sahip, \u00e7ok y\u00f6nl\u00fc bir profesyoneldir.<\/span><\/p>\n<p><span style=\"font-weight: 400;\">Recruit IT&#8217;ye kat\u0131lmadan \u00f6nce profesyonel yolculu\u011fu, dijital platformlar\u0131 etkin bir \u015fekilde y\u00f6netti\u011fi \u0130ngiltere\u2019de Omni Psikoterapi ve Dan\u0131\u015fmanl\u0131k&#8217;ta Sosyal Medya Asistan\u0131 olarak ba\u015flam\u0131\u015ft\u0131r. Pehlevan, Vitelco&#8217;da Y\u00f6netici Aday\u0131 olarak becerilerini geli\u015ftirmi\u015f ve burada organizasyonel y\u00f6netim ve liderlik konusunda de\u011ferli deneyimler kazanm\u0131\u015ft\u0131r. Ayr\u0131ca Sport Center Akademi&#8217;de insan kaynaklar\u0131 alan\u0131na da katk\u0131da bulunarak \u00e7e\u015fitli \u0130K fonksiyonlar\u0131nda staj yapm\u0131\u015ft\u0131r.<\/span><\/p>\n<p><span style=\"font-weight: 400;\">2024&#8217;ten bu yana Recruit IT&#8217;de IT \u0130\u015fe Alma Asistan\u0131 olarak g\u00f6rev yapmaktad\u0131r. Bu g\u00f6revinde, en iyi yetenekleri belirlemek ve dinamik IT ekipleri olu\u015fturma konusunda i\u015f ortaklar\u0131na destek olmak i\u00e7in uzmanl\u0131klar\u0131ndan yararlanmaktad\u0131r. Mesleki kariyeri, insan kaynaklar\u0131 ve bilgi teknolojisi i\u015fe al\u0131m alanlar\u0131na do\u011fal bir ge\u00e7i\u015fle \u015fekillenmi\u015f olup, \u00e7e\u015fitli kariyer alanlar\u0131nda kolayl\u0131kla yol alabilme yetene\u011fini ortaya koymaktad\u0131r.<\/span><\/p>\n<p><b>Uzmanl\u0131k Alanlar\u0131<\/b><\/p>\n<ul>\n<li style=\"font-weight: 400;\" aria-level=\"1\"><span style=\"font-weight: 400;\">IT \u0130\u015fe Al\u0131m\u0131<\/span><\/li>\n<li style=\"font-weight: 400;\" aria-level=\"1\"><span style=\"font-weight: 400;\">\u0130nsan Kaynaklar\u0131 Dan\u0131\u015fmanl\u0131\u011f\u0131<\/span><\/li>\n<li style=\"font-weight: 400;\" aria-level=\"1\"><span style=\"font-weight: 400;\">Yetenek Edinme<\/span><\/li>\n<li style=\"font-weight: 400;\" aria-level=\"1\"><span style=\"font-weight: 400;\">LinkedIn ile \u0130\u015fveren Markas\u0131 Olu\u015fturma<\/span><\/li>\n<\/ul>\n","protected":false},"featured_media":968,"template":"","meta":{"_acf_changed":false},"class_list":["post-1218","our-team","type-our-team","status-publish","has-post-thumbnail","hentry"],"acf":[],"_links":{"self":[{"href":"https:\/\/recruitithub.com\/tr\/wp-json\/wp\/v2\/our-team\/1218","targetHints":{"allow":["GET"]}}],"collection":[{"href":"https:\/\/recruitithub.com\/tr\/wp-json\/wp\/v2\/our-team"}],"about":[{"href":"https:\/\/recruitithub.com\/tr\/wp-json\/wp\/v2\/types\/our-team"}],"wp:featuredmedia":[{"embeddable":true,"href":"https:\/\/recruitithub.com\/tr\/wp-json\/wp\/v2\/media\/968"}],"wp:attachment":[{"href":"https:\/\/recruitithub.com\/tr\/wp-json\/wp\/v2\/media?parent=1218"}],"curies":[{"name":"wp","href":"https:\/\/api.w.org\/{rel}","templated":true}]}}